{"version":"1.0","provider_name":"Valparaiso Ediciones","provider_url":"https:\/\/valparaisoediciones.es\/noticias","author_name":"Administrador","author_url":"https:\/\/valparaisoediciones.es\/noticias\/author\/administrador\/","title":"Nuevos libros en la Colecci\u00f3n de poes\u00eda - Valparaiso Ediciones","type":"rich","width":600,"height":338,"html":"<blockquote class=\"wp-embedded-content\" data-secret=\"TFWsC6gzf6\"><a href=\"https:\/\/valparaisoediciones.es\/noticias\/2014\/09\/nuevos-libros-en-la-coleccion-de-poesia\/\">Nuevos libros en la Colecci\u00f3n de poes\u00eda<\/a><\/blockquote><iframe sandbox=\"allow-scripts\" security=\"restricted\" src=\"https:\/\/valparaisoediciones.es\/noticias\/2014\/09\/nuevos-libros-en-la-coleccion-de-poesia\/embed\/#?secret=TFWsC6gzf6\" width=\"600\" height=\"338\" title=\"\u00abNuevos libros en la Colecci\u00f3n de poes\u00eda\u00bb \u2014 Valparaiso Ediciones\" data-secret=\"TFWsC6gzf6\" frameborder=\"0\" marginwidth=\"0\" marginheight=\"0\" scrolling=\"no\" class=\"wp-embedded-content\"><\/iframe><script>\n\/*! This file is auto-generated *\/\n!function(d,l){\"use strict\";l.querySelector&&d.addEventListener&&\"undefined\"!=typeof URL&&(d.wp=d.wp||{},d.wp.receiveEmbedMessage||(d.wp.receiveEmbedMessage=function(e){var t=e.data;if((t||t.secret||t.message||t.value)&&!\/[^a-zA-Z0-9]\/.test(t.secret)){for(var s,r,n,a=l.querySelectorAll('iframe[data-secret=\"'+t.secret+'\"]'),o=l.querySelectorAll('blockquote[data-secret=\"'+t.secret+'\"]'),c=new RegExp(\"^https?:$\",\"i\"),i=0;i<o.length;i++)o[i].style.display=\"none\";for(i=0;i<a.length;i++)s=a[i],e.source===s.contentWindow&&(s.removeAttribute(\"style\"),\"height\"===t.message?(1e3<(r=parseInt(t.value,10))?r=1e3:~~r<200&&(r=200),s.height=r):\"link\"===t.message&&(r=new URL(s.getAttribute(\"src\")),n=new URL(t.value),c.test(n.protocol))&&n.host===r.host&&l.activeElement===s&&(d.top.location.href=t.value))}},d.addEventListener(\"message\",d.wp.receiveEmbedMessage,!1),l.addEventListener(\"DOMContentLoaded\",function(){for(var e,t,s=l.querySelectorAll(\"iframe.wp-embedded-content\"),r=0;r<s.length;r++)(t=(e=s[r]).getAttribute(\"data-secret\"))||(t=Math.random().toString(36).substring(2,12),e.src+=\"#?secret=\"+t,e.setAttribute(\"data-secret\",t)),e.contentWindow.postMessage({message:\"ready\",secret:t},\"*\")},!1)))}(window,document);\n\/\/# sourceURL=https:\/\/valparaisoediciones.es\/noticias\/wp-includes\/js\/wp-embed.min.js\n<\/script>\n","description":"En estos d\u00edas han aparecido en librer\u00edas de toda Espa\u00f1a y en la web valparaisoediciones.es las novedades que ven\u00edamos anunciando para el mes de septiembre: La estrella invisible, de Nathalie Handal (Palestina) Presentaci\u00f3n: Ciclo Poes\u00eda en el Palacio &#8211; Hospes Palacio de Los Patos Viernes 3 de octubre, 20.00 horas Papel ceniza, de Trinidad Gan &hellip; Continuar leyendo \"\""}